{"id":21,"date":"2024-07-28T18:53:21","date_gmt":"2024-07-28T23:53:21","guid":{"rendered":"http:\/\/localhost\/?page_id=21"},"modified":"2026-02-06T07:32:59","modified_gmt":"2026-02-06T12:32:59","slug":"inicio","status":"publish","type":"page","link":"https:\/\/www.carvajal.com\/120\/","title":{"rendered":"Inicio"},"content":{"rendered":"<style>\n\/* Full-height video container *\/\n.acf-full-height-video-parallax {\n    position: fixed;\n    top: 0;\n    left: 0;\n    width: 100%;\n    height: 100vh;\n    overflow: hidden;\n    z-index: -1; \/* Place the video behind other content *\/\n}\n\n.acf-full-height-video-parallax video {\n    position: absolute;\n    top: 50%;\n    left: 50%;\n    width: 100%;\n    height: 100%;\n    object-fit: cover;\n    transform: translate(-50%, -50%);\n}\n\n\/* Transparent overlay *\/\n#transparente {\n    position: relative; \/* Ensures it is on top of the video *\/\n    padding: 200px 10px;\n    background: rgba(255, 255, 255, 0.5); \/* Semi-transparent background, adjust as needed *\/\n    color: white;\n    z-index: 1; \/* Ensure it is above the video *\/\n}\n\n<\/style>\n\n<div class=\"acf-full-height-video-parallax\">\n  <video src=\"https:\/\/www.carvajal.com\/120\/wp-content\/uploads\/2024\/08\/home-carvajal.webm\" playsinline autoplay muted loop><\/video>\n  <div class=\"relative top-0 w-full h-full bg-overlay\"><\/div>\n<\/div>\n\n\n<div class=\" relative w-full\">\n\n  \n  <section\n    class=\"block_title_description  relative  bg-line-end bg-no-repeat bg-[center_bottom] bg-3px\"\n    id=\"\"\n    style=\"padding: 13.125rem 0 5rem 0;margin: 0\"\n  >\n    <div class=\"\">      <!-- title -->\n      <div class=\"flex flex-col\">\n             \n        <!-- title -->\n\n          \n      <\/div><div>\n  <div class=\"flex items-center movil:flex-col\">\n    <div class=\"w-1\/2 movil:w-full\">\n        <div class=\"title-container  title-theme box_container\">\n    <div class=\"flex items-start gap-3\">\n            <h2 class=\"secondary-font-semi-bold font-size-xxxl text-white \" style=\"\"\"><p><em>Recorre<\/em><\/p>nuestro legados..<\/h2>    <\/div>\n      <\/div>\n    <\/div>\n    <div class=\"w-1\/3 movil:w-full pl-6 text-white movil:mt-12\">\n      <p class=\"secondary-font-bold font-size-xxl\">Carvajal, una historia de transformaci\u00f3n<\/p>\n    <\/div>\n  <\/div>\n      <button\n      class=\"scroll-button flex flex-col justify-center items-center mt-32 mx-auto block\"\n      data-target=\"generaciones\"\n    >\n      <div class=\"text-white\">Explora<\/div>\n      <img decoding=\"async\"\n        src=\"https:\/\/www.carvajal.com\/120\/wp-content\/themes\/vstheme\/assets\/images\/icons\/arrow_down.svg\"\n        alt=\"Siguiente secci\u00f3n\"\n      \/>\n    <\/button>\n  <\/div>\n    <\/div>\n  <\/section>\n<\/div>\n\n\n<div class=\" relative w-full\">\n\n  \n  <section\n    class=\"block_two_columns_cards bg-primary  relative  bg-line-start-short-end bg-no-repeat bg-c-b_c-t bg-3px\"\n    id=\"generaciones\"\n    style=\"padding: 6.25rem 7.5rem;margin: 0\"\n  >\n    <div class=\"\">      <!-- title -->\n      <div class=\"flex flex-col\">\n             \n        <!-- title -->\n\n          \n      <\/div>  <div class=\"flex movil:flex-col justify-between\">\n    <div class=\"w-1\/2 movil:w-full movil:mb-12\">\n        <div class=\"title-container  title-theme double_size\">\n    <div class=\"flex items-start gap-3\">\n              <img decoding=\"async\" width=\"29\" height=\"26\" src=\"https:\/\/www.carvajal.com\/120\/wp-content\/uploads\/2024\/07\/vin_title_1.png\" class=\"\" alt=\"\" loading=\"lazy\" \/>            <h2 class=\"primary-font-bold font-size-xxl text-white \" style=\"\"\"><p><em>Unimos<\/em><\/p>generaciones<\/h2>    <\/div>\n      <\/div>\n     \n      <div class=\"pl-12 mt-8\">\n        <p class=\"text-white font-size-md\">\n          M\u00e1s de un siglo transformando vidas, donde el protagonista eres t\u00fa.        \n        <\/p>\n                  <div class=\"mt-4 movil:absolute movil:bottom-16 movil:left-0 movil:w-full movil:flex movil:justify-center\">\n            <a\n              href=\"\/120\/unimos-generaciones\/\"\n              target=\"\"\n              class=\"accent-button bg-accent text-white bg-play bg-[length:1.9rem] movil:w-10\/12\"\n            >\n              Mira todos los cap\u00edtulos aqu\u00ed            <\/a> \n          <\/div>   \n              <\/div>\n    <\/div>\n\n    <div class=\"w-1\/2 movil:w-full\">\n              <div class=\"splide \" data-splide='{\"type\":\"slide\",\"drag\":true,\"perPage\":2,\"autoplay\":false,\"interval\":null,\"rewind\":true,\"breakpoints\":{\"900\":{\"perPage\":1,\"drag\":true}}}' role=\"region\" aria-roledescription=\"carousel\">\n          <div class=\"splide__track\">\n              <div class=\"splide__list gap-4\">\n                <button\n  class=\"relative w-1\/4 movil:w-full rounded-xl overflow-hidden group youtube-modal splide__slide w-[18rem] movil:w-full\"\n  data-target=\"videoModal\"\n  data-post='830'\n  data-video='F6AYw1MXdSY'\n  data-share='&lt;div class=&quot;addtoany_shortcode&quot;&gt;&lt;div class=&quot;a2a_kit a2a_kit_size_32 addtoany_list&quot; data-a2a-url=&quot;https:\/\/www.carvajal.com\/120\/2024\/08\/09\/capitulo-1\/?pa=&quot; data-a2a-title=&quot;Cap\u00edtulo 1&quot;&gt;&lt;a class=&quot;a2a_button_facebook&quot; href=&quot;https:\/\/www.addtoany.com\/add_to\/facebook?linkurl=https%3A%2F%2Fwww.carvajal.com%2F120%2F2024%2F08%2F09%2Fcapitulo-1%2F%3Fpa%3D&amp;amp;linkname=Cap%C3%ADtulo%201&quot; title=&quot;Facebook&quot; rel=&quot;nofollow noopener&quot; target=&quot;_blank&quot;&gt;&lt;\/a&gt;&lt;a class=&quot;a2a_button_whatsapp&quot; href=&quot;https:\/\/www.addtoany.com\/add_to\/whatsapp?linkurl=https%3A%2F%2Fwww.carvajal.com%2F120%2F2024%2F08%2F09%2Fcapitulo-1%2F%3Fpa%3D&amp;amp;linkname=Cap%C3%ADtulo%201&quot; title=&quot;WhatsApp&quot; rel=&quot;nofollow noopener&quot; target=&quot;_blank&quot;&gt;&lt;\/a&gt;&lt;a class=&quot;a2a_button_linkedin&quot; href=&quot;https:\/\/www.addtoany.com\/add_to\/linkedin?linkurl=https%3A%2F%2Fwww.carvajal.com%2F120%2F2024%2F08%2F09%2Fcapitulo-1%2F%3Fpa%3D&amp;amp;linkname=Cap%C3%ADtulo%201&quot; title=&quot;LinkedIn&quot; rel=&quot;nofollow noopener&quot; target=&quot;_blank&quot;&gt;&lt;\/a&gt;&lt;a class=&quot;a2a_button_x&quot; href=&quot;https:\/\/www.addtoany.com\/add_to\/x?linkurl=https%3A%2F%2Fwww.carvajal.com%2F120%2F2024%2F08%2F09%2Fcapitulo-1%2F%3Fpa%3D&amp;amp;linkname=Cap%C3%ADtulo%201&quot; title=&quot;X&quot; rel=&quot;nofollow noopener&quot; target=&quot;_blank&quot;&gt;&lt;\/a&gt;&lt;\/div&gt;&lt;\/div&gt;'\n>\n  <article>\n    <img loading=\"lazy\" decoding=\"async\" width=\"404\" height=\"415\" src=\"https:\/\/www.carvajal.com\/120\/wp-content\/uploads\/2024\/08\/cap1-unimos-generaciones-1.jpg\" class=\"w-full h-auto object-cover wp-post-image\" alt=\"\" srcset=\"https:\/\/www.carvajal.com\/120\/wp-content\/uploads\/2024\/08\/cap1-unimos-generaciones-1.jpg 404w, https:\/\/www.carvajal.com\/120\/wp-content\/uploads\/2024\/08\/cap1-unimos-generaciones-1-292x300.jpg 292w\" sizes=\"auto, (max-width: 404px) 100vw, 404px\" \/>    <div class=\"absolute text-white bottom-0 left-0 w-full px-8 mb-8 z-10 transition-transform transform group-hover:-translate-y-4 duration-300\">\n      <div class=\"text-white text-left border-l-2 border-secondary pl-2 secondary-font-semi-bold text-sm\">\n        <h2>Cap\u00edtulo 1<\/h2>      <\/div>\n              <p class=\"text-secondary secondary-font-semi-bold text-xs text-left mt-2 pl-2 border-l-2 border-transparent\">Pensar en el otro con sentido social<\/p>\n          <\/div>\n          <img loading=\"lazy\" decoding=\"async\"\n        src=\"https:\/\/www.carvajal.com\/120\/wp-content\/themes\/vstheme\/assets\/images\/icons\/play.svg\"\n        class=\"absolute inset-0 m-auto z-10 group-hover:opacity-100 group-hover:scale-100 transition-all duration-600 opacity-0 w-0 h-0 group-hover:w-20 group-hover:h-20\"\n        width=\"80\"\n        height=\"80\"\n      \/>\n    \n    <div class=\"absolute bottom-0 left-0 w-full h-1\/2 bg-gradient-to-t from-black100 to-transparent\"><\/div>\n  <\/article>\n<\/button><button\n  class=\"relative w-1\/4 movil:w-full rounded-xl overflow-hidden group youtube-modal splide__slide w-[18rem] movil:w-full\"\n  data-target=\"videoModal\"\n  data-post='828'\n  data-video='2bTp8JwcJ7k'\n  data-share='&lt;div class=&quot;addtoany_shortcode&quot;&gt;&lt;div class=&quot;a2a_kit a2a_kit_size_32 addtoany_list&quot; data-a2a-url=&quot;https:\/\/www.carvajal.com\/120\/2024\/08\/09\/capitulo-2-2\/?pa=&quot; data-a2a-title=&quot;Cap\u00edtulo 2&quot;&gt;&lt;a class=&quot;a2a_button_facebook&quot; href=&quot;https:\/\/www.addtoany.com\/add_to\/facebook?linkurl=https%3A%2F%2Fwww.carvajal.com%2F120%2F2024%2F08%2F09%2Fcapitulo-2-2%2F%3Fpa%3D&amp;amp;linkname=Cap%C3%ADtulo%202&quot; title=&quot;Facebook&quot; rel=&quot;nofollow noopener&quot; target=&quot;_blank&quot;&gt;&lt;\/a&gt;&lt;a class=&quot;a2a_button_whatsapp&quot; href=&quot;https:\/\/www.addtoany.com\/add_to\/whatsapp?linkurl=https%3A%2F%2Fwww.carvajal.com%2F120%2F2024%2F08%2F09%2Fcapitulo-2-2%2F%3Fpa%3D&amp;amp;linkname=Cap%C3%ADtulo%202&quot; title=&quot;WhatsApp&quot; rel=&quot;nofollow noopener&quot; target=&quot;_blank&quot;&gt;&lt;\/a&gt;&lt;a class=&quot;a2a_button_linkedin&quot; href=&quot;https:\/\/www.addtoany.com\/add_to\/linkedin?linkurl=https%3A%2F%2Fwww.carvajal.com%2F120%2F2024%2F08%2F09%2Fcapitulo-2-2%2F%3Fpa%3D&amp;amp;linkname=Cap%C3%ADtulo%202&quot; title=&quot;LinkedIn&quot; rel=&quot;nofollow noopener&quot; target=&quot;_blank&quot;&gt;&lt;\/a&gt;&lt;a class=&quot;a2a_button_x&quot; href=&quot;https:\/\/www.addtoany.com\/add_to\/x?linkurl=https%3A%2F%2Fwww.carvajal.com%2F120%2F2024%2F08%2F09%2Fcapitulo-2-2%2F%3Fpa%3D&amp;amp;linkname=Cap%C3%ADtulo%202&quot; title=&quot;X&quot; rel=&quot;nofollow noopener&quot; target=&quot;_blank&quot;&gt;&lt;\/a&gt;&lt;\/div&gt;&lt;\/div&gt;'\n>\n  <article>\n    <img loading=\"lazy\" decoding=\"async\" width=\"404\" height=\"415\" src=\"https:\/\/www.carvajal.com\/120\/wp-content\/uploads\/2024\/07\/tmp_13.png\" class=\"w-full h-auto object-cover wp-post-image\" alt=\"\" srcset=\"https:\/\/www.carvajal.com\/120\/wp-content\/uploads\/2024\/07\/tmp_13.png 404w, https:\/\/www.carvajal.com\/120\/wp-content\/uploads\/2024\/07\/tmp_13-292x300.png 292w\" sizes=\"auto, (max-width: 404px) 100vw, 404px\" \/>    <div class=\"absolute text-white bottom-0 left-0 w-full px-8 mb-8 z-10 transition-transform transform group-hover:-translate-y-4 duration-300\">\n      <div class=\"text-white text-left border-l-2 border-secondary pl-2 secondary-font-semi-bold text-sm\">\n        <h2>Cap\u00edtulo 2<\/h2>      <\/div>\n              <p class=\"text-secondary secondary-font-semi-bold text-xs text-left mt-2 pl-2 border-l-2 border-transparent\">Huella, Carvajal 120 a\u00f1os<\/p>\n          <\/div>\n          <img loading=\"lazy\" decoding=\"async\"\n        src=\"https:\/\/www.carvajal.com\/120\/wp-content\/themes\/vstheme\/assets\/images\/icons\/play.svg\"\n        class=\"absolute inset-0 m-auto z-10 group-hover:opacity-100 group-hover:scale-100 transition-all duration-600 opacity-0 w-0 h-0 group-hover:w-20 group-hover:h-20\"\n        width=\"80\"\n        height=\"80\"\n      \/>\n    \n    <div class=\"absolute bottom-0 left-0 w-full h-1\/2 bg-gradient-to-t from-black100 to-transparent\"><\/div>\n  <\/article>\n<\/button><button\n  class=\"relative w-1\/4 movil:w-full rounded-xl overflow-hidden group youtube-modal splide__slide w-[18rem] movil:w-full\"\n  data-target=\"videoModal\"\n  data-post='824'\n  data-video='vPk5-Pdf2mU'\n  data-share='&lt;div class=&quot;addtoany_shortcode&quot;&gt;&lt;div class=&quot;a2a_kit a2a_kit_size_32 addtoany_list&quot; data-a2a-url=&quot;https:\/\/www.carvajal.com\/120\/2024\/08\/09\/capitulo-2\/?pa=&quot; data-a2a-title=&quot;Cap\u00edtulo 3&quot;&gt;&lt;a class=&quot;a2a_button_facebook&quot; href=&quot;https:\/\/www.addtoany.com\/add_to\/facebook?linkurl=https%3A%2F%2Fwww.carvajal.com%2F120%2F2024%2F08%2F09%2Fcapitulo-2%2F%3Fpa%3D&amp;amp;linkname=Cap%C3%ADtulo%203&quot; title=&quot;Facebook&quot; rel=&quot;nofollow noopener&quot; target=&quot;_blank&quot;&gt;&lt;\/a&gt;&lt;a class=&quot;a2a_button_whatsapp&quot; href=&quot;https:\/\/www.addtoany.com\/add_to\/whatsapp?linkurl=https%3A%2F%2Fwww.carvajal.com%2F120%2F2024%2F08%2F09%2Fcapitulo-2%2F%3Fpa%3D&amp;amp;linkname=Cap%C3%ADtulo%203&quot; title=&quot;WhatsApp&quot; rel=&quot;nofollow noopener&quot; target=&quot;_blank&quot;&gt;&lt;\/a&gt;&lt;a class=&quot;a2a_button_linkedin&quot; href=&quot;https:\/\/www.addtoany.com\/add_to\/linkedin?linkurl=https%3A%2F%2Fwww.carvajal.com%2F120%2F2024%2F08%2F09%2Fcapitulo-2%2F%3Fpa%3D&amp;amp;linkname=Cap%C3%ADtulo%203&quot; title=&quot;LinkedIn&quot; rel=&quot;nofollow noopener&quot; target=&quot;_blank&quot;&gt;&lt;\/a&gt;&lt;a class=&quot;a2a_button_x&quot; href=&quot;https:\/\/www.addtoany.com\/add_to\/x?linkurl=https%3A%2F%2Fwww.carvajal.com%2F120%2F2024%2F08%2F09%2Fcapitulo-2%2F%3Fpa%3D&amp;amp;linkname=Cap%C3%ADtulo%203&quot; title=&quot;X&quot; rel=&quot;nofollow noopener&quot; target=&quot;_blank&quot;&gt;&lt;\/a&gt;&lt;\/div&gt;&lt;\/div&gt;'\n>\n  <article>\n    <img loading=\"lazy\" decoding=\"async\" width=\"404\" height=\"415\" src=\"https:\/\/www.carvajal.com\/120\/wp-content\/uploads\/2024\/07\/tmp_14.png\" class=\"w-full h-auto object-cover wp-post-image\" alt=\"\" srcset=\"https:\/\/www.carvajal.com\/120\/wp-content\/uploads\/2024\/07\/tmp_14.png 404w, https:\/\/www.carvajal.com\/120\/wp-content\/uploads\/2024\/07\/tmp_14-292x300.png 292w\" sizes=\"auto, (max-width: 404px) 100vw, 404px\" \/>    <div class=\"absolute text-white bottom-0 left-0 w-full px-8 mb-8 z-10 transition-transform transform group-hover:-translate-y-4 duration-300\">\n      <div class=\"text-white text-left border-l-2 border-secondary pl-2 secondary-font-semi-bold text-sm\">\n        <h2>Cap\u00edtulo 3<\/h2>      <\/div>\n          <\/div>\n          <img loading=\"lazy\" decoding=\"async\"\n        src=\"https:\/\/www.carvajal.com\/120\/wp-content\/themes\/vstheme\/assets\/images\/icons\/play.svg\"\n        class=\"absolute inset-0 m-auto z-10 group-hover:opacity-100 group-hover:scale-100 transition-all duration-600 opacity-0 w-0 h-0 group-hover:w-20 group-hover:h-20\"\n        width=\"80\"\n        height=\"80\"\n      \/>\n    \n    <div class=\"absolute bottom-0 left-0 w-full h-1\/2 bg-gradient-to-t from-black100 to-transparent\"><\/div>\n  <\/article>\n<\/button><button\n  class=\"relative w-1\/4 movil:w-full rounded-xl overflow-hidden group youtube-modal splide__slide w-[18rem] movil:w-full\"\n  data-target=\"videoModal\"\n  data-post='785'\n  data-video='5CBGAjSo-Po'\n  data-share='&lt;div class=&quot;addtoany_shortcode&quot;&gt;&lt;div class=&quot;a2a_kit a2a_kit_size_32 addtoany_list&quot; data-a2a-url=&quot;https:\/\/www.carvajal.com\/120\/2024\/08\/08\/test\/?pa=&quot; data-a2a-title=&quot;C\u00e1pitulo 4&quot;&gt;&lt;a class=&quot;a2a_button_facebook&quot; href=&quot;https:\/\/www.addtoany.com\/add_to\/facebook?linkurl=https%3A%2F%2Fwww.carvajal.com%2F120%2F2024%2F08%2F08%2Ftest%2F%3Fpa%3D&amp;amp;linkname=C%C3%A1pitulo%204&quot; title=&quot;Facebook&quot; rel=&quot;nofollow noopener&quot; target=&quot;_blank&quot;&gt;&lt;\/a&gt;&lt;a class=&quot;a2a_button_whatsapp&quot; href=&quot;https:\/\/www.addtoany.com\/add_to\/whatsapp?linkurl=https%3A%2F%2Fwww.carvajal.com%2F120%2F2024%2F08%2F08%2Ftest%2F%3Fpa%3D&amp;amp;linkname=C%C3%A1pitulo%204&quot; title=&quot;WhatsApp&quot; rel=&quot;nofollow noopener&quot; target=&quot;_blank&quot;&gt;&lt;\/a&gt;&lt;a class=&quot;a2a_button_linkedin&quot; href=&quot;https:\/\/www.addtoany.com\/add_to\/linkedin?linkurl=https%3A%2F%2Fwww.carvajal.com%2F120%2F2024%2F08%2F08%2Ftest%2F%3Fpa%3D&amp;amp;linkname=C%C3%A1pitulo%204&quot; title=&quot;LinkedIn&quot; rel=&quot;nofollow noopener&quot; target=&quot;_blank&quot;&gt;&lt;\/a&gt;&lt;a class=&quot;a2a_button_x&quot; href=&quot;https:\/\/www.addtoany.com\/add_to\/x?linkurl=https%3A%2F%2Fwww.carvajal.com%2F120%2F2024%2F08%2F08%2Ftest%2F%3Fpa%3D&amp;amp;linkname=C%C3%A1pitulo%204&quot; title=&quot;X&quot; rel=&quot;nofollow noopener&quot; target=&quot;_blank&quot;&gt;&lt;\/a&gt;&lt;\/div&gt;&lt;\/div&gt;'\n>\n  <article>\n    <img loading=\"lazy\" decoding=\"async\" width=\"404\" height=\"415\" src=\"https:\/\/www.carvajal.com\/120\/wp-content\/uploads\/2024\/07\/tmp_2.png\" class=\"w-full h-auto object-cover wp-post-image\" alt=\"\" srcset=\"https:\/\/www.carvajal.com\/120\/wp-content\/uploads\/2024\/07\/tmp_2.png 404w, https:\/\/www.carvajal.com\/120\/wp-content\/uploads\/2024\/07\/tmp_2-292x300.png 292w\" sizes=\"auto, (max-width: 404px) 100vw, 404px\" \/>    <div class=\"absolute text-white bottom-0 left-0 w-full px-8 mb-8 z-10 transition-transform transform group-hover:-translate-y-4 duration-300\">\n      <div class=\"text-white text-left border-l-2 border-secondary pl-2 secondary-font-semi-bold text-sm\">\n        <h2>C\u00e1pitulo 4<\/h2>      <\/div>\n          <\/div>\n          <img loading=\"lazy\" decoding=\"async\"\n        src=\"https:\/\/www.carvajal.com\/120\/wp-content\/themes\/vstheme\/assets\/images\/icons\/play.svg\"\n        class=\"absolute inset-0 m-auto z-10 group-hover:opacity-100 group-hover:scale-100 transition-all duration-600 opacity-0 w-0 h-0 group-hover:w-20 group-hover:h-20\"\n        width=\"80\"\n        height=\"80\"\n      \/>\n    \n    <div class=\"absolute bottom-0 left-0 w-full h-1\/2 bg-gradient-to-t from-black100 to-transparent\"><\/div>\n  <\/article>\n<\/button>            <\/div>\n          <\/div>\n        <\/div>\n          <\/div>\n  <\/div>\n    <\/div>\n  <\/section>\n<\/div>\n\n\n<div class=\"bg-primary  relative w-full\">\n\n  \n  <section\n    class=\"block_two_columns_image bg-secondary rounded-se-[3.5rem] movil:rounded-none  relative  bg-line-start-long-end bg-no-repeat bg-c-b_c-t bg-3px\"\n    id=\"\"\n    style=\"padding: 0.5rem 0 0 7.5rem;margin: 0\"\n  >\n    <div class=\"\">      <!-- title -->\n      <div class=\"flex flex-col\">\n             \n        <!-- title -->\n\n          \n      <\/div><div class=\"flex items-center movil:flex-col movil:gap-6\">\n  <div class=\"w-1\/2 mt-6 movil:w-full\">    \n      <div class=\"title-container px-8  title-theme double_size\">\n    <div class=\"flex items-start gap-3\">\n              <img decoding=\"async\" width=\"29\" height=\"26\" src=\"https:\/\/www.carvajal.com\/120\/wp-content\/uploads\/2024\/07\/vin_title_2.png\" class=\"\" alt=\"\" loading=\"lazy\" \/>            <h2 class=\"secondary-font-semi-bold font-size-xxl text-primary \" style=\"\"\"><p><em>Transformamos<\/em><\/p>Vidas<\/h2>    <\/div>\n      <\/div>\n    \n    <div class=\"paragraph-1 mt-4 ml-12 movil:ml-4\">\n      <div class=\"text-primary font-size-md movil:pr-8 movil:pl-10 \">\n        <p><strong>\u00a1Esta historia la hemos escrito contigo!<\/strong><\/p>\n<p>As\u00ed transformamos entornos transformando vidas junto a las comunidades, familias y pa\u00edses donde tenemos presencia<\/p>\n      <\/div>\n\n              <div class=\"mt-4 movil:text-center\">\n          <a\n            href=\"\/120\/transformamos-vidas\/\"\n            target=\"\"\n            class=\"accent-button bg-arrow-45 bg-accent text-white\"\n          >\n            Conoce m\u00e1s          <\/a> \n        <\/div>   \n            \n    <\/div>\n  <\/div>\n      <div class=\"w-1\/2 movil:w-full flex justify-end movil:justify-center\">\n      <img decoding=\"async\" width=\"1004\" height=\"687\" src=\"https:\/\/www.carvajal.com\/120\/wp-content\/uploads\/2024\/07\/Carvajal_Transformando_Vidas.png\" class=\"object-cover\" alt=\"Grupo de personas, hombres, mujeres y jovenes con la camiseta de la Organizaci\u00f3n Carvajal\" loading=\"lazy\" srcset=\"https:\/\/www.carvajal.com\/120\/wp-content\/uploads\/2024\/07\/Carvajal_Transformando_Vidas.png 1004w, https:\/\/www.carvajal.com\/120\/wp-content\/uploads\/2024\/07\/Carvajal_Transformando_Vidas-300x205.png 300w, https:\/\/www.carvajal.com\/120\/wp-content\/uploads\/2024\/07\/Carvajal_Transformando_Vidas-768x526.png 768w\" sizes=\"auto, (max-width: 1004px) 100vw, 1004px\" \/>    <\/div>\n  <\/div>\n    <\/div>\n  <\/section>\n<\/div>\n\n\n<div class=\" relative w-full\">\n\n  \n  <section\n    class=\"block_content_link  relative \"\n    id=\"\"\n    style=\"padding: 7.8rem 0 7.125rem 0;margin: 0\"\n  >\n    <div class=\"\">      <!-- title -->\n      <div class=\"flex flex-col\">\n          <div class=\"title-container   title-theme center\">\n    <div class=\"flex items-start gap-3\">\n            <h2 class=\"mb-8 secondary-font-semi-bold font-size-xxl text-white \" style=\"\"\">Hasta el a\u00f1o sin fin&#8230;<\/h2>    <\/div>\n      <\/div>\n     \n        <!-- title -->\n\n          \n      <\/div>  <div class=\"w-full paragraph-1 flex flex-col items-center text-center\">\n    \n    <div class=\"w-[600px] movil:w-full text-white\">\n      <p style=\"text-align: center;\">Continuamos con nuestro compromiso de transformar vidas junto a nuestros aliados, llevando la esperanza de un Carvajal que se renueva para seguir impactando durante otros 120 a\u00f1os.<\/p>\n    <\/div>\n\n          <div class=\"mt-4\">\n        <a\n          href=\"\/120\/hasta-el-ano-sin-fin\/\"\n          target=\"\"\n          class=\"accent-button bg-accent text-white bg-arrow-45\"\n        >\n          Conoce nuestros compromisos        <\/a> \n      <\/div>   \n    \n  <\/div>\n    <\/div>\n  <\/section>\n<\/div>\n\n\n<div class=\" relative w-full\">\n\n  \n  <section\n    class=\"block_carousel_cards_a bg-white  relative \"\n    id=\"\"\n    style=\"padding: 5.3rem 5rem 2.6rem 5rem;margin: 0\"\n  >\n    <div class=\"\">      <!-- title -->\n      <div class=\"flex flex-col\">\n          <div class=\"title-container  mb-8  title-theme center\">\n    <div class=\"flex items-start gap-3\">\n            <h2 class=\" primary-font-extra-bold font-size-xxl text-primary \" style=\"\"\">As\u00ed generamos impacto<\/h2>    <\/div>\n      <\/div>\n     \n        <!-- title -->\n\n          \n      <\/div>  <div class=\"movil:w-[350px] m-auto\">\n    <div class=\"splide \" data-splide='{\"type\":\"loop\",\"drag\":true,\"padding\":\"2rem\",\"perPage\":3,\"perMove\":1,\"autoplay\":true,\"interval\":3000,\"breakpoints\":{\"800\":{\"perPage\":1,\"drag\":true,\"perMove\":1}}}' role=\"region\" aria-roledescription=\"carousel\">\n      <div class=\"splide__track\">\n        <div class=\"splide__list gap-8\">\n               \n            <a\n              href=\"https:\/\/www.carvajal.com\/noticias\/ranking-great-place-to-work-somos-uno-de-los-mejores-lugares-para-trabajar-en-peru-en-2024\/\" target=\"_blank\"\n              class=\"splide__slide relative rounded-xl overflow-hidden group\"\n              alt=\"Ranking Great Place To Work: Somos uno de los mejores lugares para trabajar en Per\u00fa en 2024.Se abrir\u00e1 el enlace en una pesta\u00f1a nueva\"\n            > \n              <article>\n                <img decoding=\"async\" width=\"538\" height=\"498\" src=\"https:\/\/www.carvajal.com\/120\/wp-content\/uploads\/2024\/07\/img_3.png\" class=\"w-full h-auto object-cover\" alt=\"\" loading=\"lazy\" srcset=\"https:\/\/www.carvajal.com\/120\/wp-content\/uploads\/2024\/07\/img_3.png 538w, https:\/\/www.carvajal.com\/120\/wp-content\/uploads\/2024\/07\/img_3-300x278.png 300w\" sizes=\"auto, (max-width: 538px) 100vw, 538px\" \/>                <div class=\"absolute bottom-0 left-0 w-full px-8 mb-8 z-10 transition-transform transform group-hover:-translate-y-4 duration-300\">\n                  <div class=\"text-white border-l-2 border-secondary pl-2 secondary-font-semi-bold text-sm\">\n                    Ranking Great Place To Work: Somos uno de los mejores lugares para trabajar en Per\u00fa en 2024                  <\/div>            \n                <\/div>\n                <img decoding=\"async\" src=\"https:\/\/www.carvajal.com\/120\/wp-content\/themes\/vstheme\/assets\/images\/icons\/arrow_45.svg\" class=\"absolute z-10 bottom-0 right-4 opacity-0 group-hover:opacity-100 transition-opacity duration-600\">\n                <div class=\"absolute bottom-0 left-0 w-full h-1\/2 bg-gradient-to-t from-black to-transparent\"><\/div>\n              <\/article>\n            <\/a>\n               \n            <a\n              href=\"https:\/\/www.carvajal.com\/noticias\/las-cinco-claves-de-exito-del-presidente-de-la-compania-que-hace-las-cosas-bien\/%20\" target=\"_blank\"\n              class=\"splide__slide relative rounded-xl overflow-hidden group\"\n              alt=\"Las cinco claves de \u00e9xito del presidente de la compa\u00f1\u00eda que \u2018hace las cosas bien.Se abrir\u00e1 el enlace en una pesta\u00f1a nueva\"\n            > \n              <article>\n                <img decoding=\"async\" width=\"538\" height=\"498\" src=\"https:\/\/www.carvajal.com\/120\/wp-content\/uploads\/2024\/07\/img_2.png\" class=\"w-full h-auto object-cover\" alt=\"\" loading=\"lazy\" srcset=\"https:\/\/www.carvajal.com\/120\/wp-content\/uploads\/2024\/07\/img_2.png 538w, https:\/\/www.carvajal.com\/120\/wp-content\/uploads\/2024\/07\/img_2-300x278.png 300w\" sizes=\"auto, (max-width: 538px) 100vw, 538px\" \/>                <div class=\"absolute bottom-0 left-0 w-full px-8 mb-8 z-10 transition-transform transform group-hover:-translate-y-4 duration-300\">\n                  <div class=\"text-white border-l-2 border-secondary pl-2 secondary-font-semi-bold text-sm\">\n                    Las cinco claves de \u00e9xito del presidente de la compa\u00f1\u00eda que \u2018hace las cosas bien                  <\/div>            \n                <\/div>\n                <img decoding=\"async\" src=\"https:\/\/www.carvajal.com\/120\/wp-content\/themes\/vstheme\/assets\/images\/icons\/arrow_45.svg\" class=\"absolute z-10 bottom-0 right-4 opacity-0 group-hover:opacity-100 transition-opacity duration-600\">\n                <div class=\"absolute bottom-0 left-0 w-full h-1\/2 bg-gradient-to-t from-black to-transparent\"><\/div>\n              <\/article>\n            <\/a>\n               \n            <a\n              href=\"https:\/\/www.carvajal.com\/noticias\/del-plastico-al-carton-la-migracion-que-impulsa-la-eco-innovacion\/%20\" target=\"_blank\"\n              class=\"splide__slide relative rounded-xl overflow-hidden group\"\n              alt=\"Del pl\u00e1stico al cart\u00f3n: la migraci\u00f3n que impulsa la eco-innovaci\u00f3n.Se abrir\u00e1 el enlace en una pesta\u00f1a nueva\"\n            > \n              <article>\n                <img decoding=\"async\" width=\"538\" height=\"498\" src=\"https:\/\/www.carvajal.com\/120\/wp-content\/uploads\/2024\/07\/img_1.png\" class=\"w-full h-auto object-cover\" alt=\"\" loading=\"lazy\" srcset=\"https:\/\/www.carvajal.com\/120\/wp-content\/uploads\/2024\/07\/img_1.png 538w, https:\/\/www.carvajal.com\/120\/wp-content\/uploads\/2024\/07\/img_1-300x278.png 300w\" sizes=\"auto, (max-width: 538px) 100vw, 538px\" \/>                <div class=\"absolute bottom-0 left-0 w-full px-8 mb-8 z-10 transition-transform transform group-hover:-translate-y-4 duration-300\">\n                  <div class=\"text-white border-l-2 border-secondary pl-2 secondary-font-semi-bold text-sm\">\n                    Del pl\u00e1stico al cart\u00f3n: la migraci\u00f3n que impulsa la eco-innovaci\u00f3n                  <\/div>            \n                <\/div>\n                <img decoding=\"async\" src=\"https:\/\/www.carvajal.com\/120\/wp-content\/themes\/vstheme\/assets\/images\/icons\/arrow_45.svg\" class=\"absolute z-10 bottom-0 right-4 opacity-0 group-hover:opacity-100 transition-opacity duration-600\">\n                <div class=\"absolute bottom-0 left-0 w-full h-1\/2 bg-gradient-to-t from-black to-transparent\"><\/div>\n              <\/article>\n            <\/a>\n               \n            <a\n              href=\"https:\/\/www.carvajal.com\/noticias\/41-ninos-y-ninas-recuperan-su-estado-nutricional-en-el-programa-primera-infancia-de-la-fundacion-propal\/\" target=\"_blank\"\n              class=\"splide__slide relative rounded-xl overflow-hidden group\"\n              alt=\"41 ni\u00f1os mejoran en programa nutricional de Fundaci\u00f3n Propal.Se abrir\u00e1 el enlace en una pesta\u00f1a nueva\"\n            > \n              <article>\n                <img decoding=\"async\" width=\"538\" height=\"498\" src=\"https:\/\/www.carvajal.com\/120\/wp-content\/uploads\/2024\/08\/noticia-4.png\" class=\"w-full h-auto object-cover\" alt=\"\" loading=\"lazy\" srcset=\"https:\/\/www.carvajal.com\/120\/wp-content\/uploads\/2024\/08\/noticia-4.png 538w, https:\/\/www.carvajal.com\/120\/wp-content\/uploads\/2024\/08\/noticia-4-300x278.png 300w\" sizes=\"auto, (max-width: 538px) 100vw, 538px\" \/>                <div class=\"absolute bottom-0 left-0 w-full px-8 mb-8 z-10 transition-transform transform group-hover:-translate-y-4 duration-300\">\n                  <div class=\"text-white border-l-2 border-secondary pl-2 secondary-font-semi-bold text-sm\">\n                    41 ni\u00f1os mejoran en programa nutricional de Fundaci\u00f3n Propal                  <\/div>            \n                <\/div>\n                <img decoding=\"async\" src=\"https:\/\/www.carvajal.com\/120\/wp-content\/themes\/vstheme\/assets\/images\/icons\/arrow_45.svg\" class=\"absolute z-10 bottom-0 right-4 opacity-0 group-hover:opacity-100 transition-opacity duration-600\">\n                <div class=\"absolute bottom-0 left-0 w-full h-1\/2 bg-gradient-to-t from-black to-transparent\"><\/div>\n              <\/article>\n            <\/a>\n               \n            <a\n              href=\"https:\/\/www.carvajal.com\/noticias\/carvajal-se-une-a-la-coalicion-para-facilitar-integracion-laboral-de-refugiados-en-mexico\/%20\" target=\"_blank\"\n              class=\"splide__slide relative rounded-xl overflow-hidden group\"\n              alt=\"Carvajal se une a coalici\u00f3n para facilitar integraci\u00f3n laboral de refugiados en M\u00e9xico.Se abrir\u00e1 el enlace en una pesta\u00f1a nueva\"\n            > \n              <article>\n                <img decoding=\"async\" width=\"538\" height=\"498\" src=\"https:\/\/www.carvajal.com\/120\/wp-content\/uploads\/2024\/08\/noticia-5.png\" class=\"w-full h-auto object-cover\" alt=\"\" loading=\"lazy\" srcset=\"https:\/\/www.carvajal.com\/120\/wp-content\/uploads\/2024\/08\/noticia-5.png 538w, https:\/\/www.carvajal.com\/120\/wp-content\/uploads\/2024\/08\/noticia-5-300x278.png 300w\" sizes=\"auto, (max-width: 538px) 100vw, 538px\" \/>                <div class=\"absolute bottom-0 left-0 w-full px-8 mb-8 z-10 transition-transform transform group-hover:-translate-y-4 duration-300\">\n                  <div class=\"text-white border-l-2 border-secondary pl-2 secondary-font-semi-bold text-sm\">\n                    Carvajal se une a coalici\u00f3n para facilitar integraci\u00f3n laboral de refugiados en M\u00e9xico                  <\/div>            \n                <\/div>\n                <img decoding=\"async\" src=\"https:\/\/www.carvajal.com\/120\/wp-content\/themes\/vstheme\/assets\/images\/icons\/arrow_45.svg\" class=\"absolute z-10 bottom-0 right-4 opacity-0 group-hover:opacity-100 transition-opacity duration-600\">\n                <div class=\"absolute bottom-0 left-0 w-full h-1\/2 bg-gradient-to-t from-black to-transparent\"><\/div>\n              <\/article>\n            <\/a>\n               \n            <a\n              href=\"https:\/\/www.carvajal.com\/noticias\/becas-transformando-vidas-una-apuesta-de-carvajal-para-la-educacion\/%20\" target=\"_blank\"\n              class=\"splide__slide relative rounded-xl overflow-hidden group\"\n              alt=\"Becas transformando vidas, una apuesta de Carvajal por la educaci\u00f3n.Se abrir\u00e1 el enlace en una pesta\u00f1a nueva\"\n            > \n              <article>\n                <img decoding=\"async\" width=\"538\" height=\"498\" src=\"https:\/\/www.carvajal.com\/120\/wp-content\/uploads\/2024\/08\/noticia-6.png\" class=\"w-full h-auto object-cover\" alt=\"\" loading=\"lazy\" srcset=\"https:\/\/www.carvajal.com\/120\/wp-content\/uploads\/2024\/08\/noticia-6.png 538w, https:\/\/www.carvajal.com\/120\/wp-content\/uploads\/2024\/08\/noticia-6-300x278.png 300w\" sizes=\"auto, (max-width: 538px) 100vw, 538px\" \/>                <div class=\"absolute bottom-0 left-0 w-full px-8 mb-8 z-10 transition-transform transform group-hover:-translate-y-4 duration-300\">\n                  <div class=\"text-white border-l-2 border-secondary pl-2 secondary-font-semi-bold text-sm\">\n                    Becas transformando vidas, una apuesta de Carvajal por la educaci\u00f3n                  <\/div>            \n                <\/div>\n                <img decoding=\"async\" src=\"https:\/\/www.carvajal.com\/120\/wp-content\/themes\/vstheme\/assets\/images\/icons\/arrow_45.svg\" class=\"absolute z-10 bottom-0 right-4 opacity-0 group-hover:opacity-100 transition-opacity duration-600\">\n                <div class=\"absolute bottom-0 left-0 w-full h-1\/2 bg-gradient-to-t from-black to-transparent\"><\/div>\n              <\/article>\n            <\/a>\n               \n            <a\n              href=\"https:\/\/www.carvajal.com\/noticias\/cali-abre-la-conversacion-para-convertirse-en-una-ciudad-lider-de-economia-circular-en-colombia\/\" target=\"\"\n              class=\"splide__slide relative rounded-xl overflow-hidden group\"\n              alt=\"Cali abre la conversaci\u00f3n para convertirse en una ciudad l\u00edder de econom\u00eda circular en Colombia\"\n            > \n              <article>\n                <img decoding=\"async\" width=\"538\" height=\"498\" src=\"https:\/\/www.carvajal.com\/120\/wp-content\/uploads\/2024\/08\/noticia-7.png\" class=\"w-full h-auto object-cover\" alt=\"\" loading=\"lazy\" srcset=\"https:\/\/www.carvajal.com\/120\/wp-content\/uploads\/2024\/08\/noticia-7.png 538w, https:\/\/www.carvajal.com\/120\/wp-content\/uploads\/2024\/08\/noticia-7-300x278.png 300w\" sizes=\"auto, (max-width: 538px) 100vw, 538px\" \/>                <div class=\"absolute bottom-0 left-0 w-full px-8 mb-8 z-10 transition-transform transform group-hover:-translate-y-4 duration-300\">\n                  <div class=\"text-white border-l-2 border-secondary pl-2 secondary-font-semi-bold text-sm\">\n                    Cali abre la conversaci\u00f3n para convertirse en una ciudad l\u00edder de econom\u00eda circular en Colombia                  <\/div>            \n                <\/div>\n                <img decoding=\"async\" src=\"https:\/\/www.carvajal.com\/120\/wp-content\/themes\/vstheme\/assets\/images\/icons\/arrow_45.svg\" class=\"absolute z-10 bottom-0 right-4 opacity-0 group-hover:opacity-100 transition-opacity duration-600\">\n                <div class=\"absolute bottom-0 left-0 w-full h-1\/2 bg-gradient-to-t from-black to-transparent\"><\/div>\n              <\/article>\n            <\/a>\n               \n            <a\n              href=\"https:\/\/www.carvajal.com\/noticias\/carvajal-empaques-presente-en-la-apertura-de-la-plazoleta-de-la-sostenibilidad-en-la-buap\/%20\" target=\"_blank\"\n              class=\"splide__slide relative rounded-xl overflow-hidden group\"\n              alt=\"Carvajal Empaques presente en la apertura de la \u201cPlazoleta de la sostenibilidad\u201d en la BUAP, M\u00e9xico.Se abrir\u00e1 el enlace en una pesta\u00f1a nueva\"\n            > \n              <article>\n                <img decoding=\"async\" width=\"538\" height=\"498\" src=\"https:\/\/www.carvajal.com\/120\/wp-content\/uploads\/2024\/08\/noticia-8.png\" class=\"w-full h-auto object-cover\" alt=\"\" loading=\"lazy\" srcset=\"https:\/\/www.carvajal.com\/120\/wp-content\/uploads\/2024\/08\/noticia-8.png 538w, https:\/\/www.carvajal.com\/120\/wp-content\/uploads\/2024\/08\/noticia-8-300x278.png 300w\" sizes=\"auto, (max-width: 538px) 100vw, 538px\" \/>                <div class=\"absolute bottom-0 left-0 w-full px-8 mb-8 z-10 transition-transform transform group-hover:-translate-y-4 duration-300\">\n                  <div class=\"text-white border-l-2 border-secondary pl-2 secondary-font-semi-bold text-sm\">\n                    Carvajal Empaques presente en la apertura de la \u201cPlazoleta de la sostenibilidad\u201d en la BUAP, M\u00e9xico                  <\/div>            \n                <\/div>\n                <img decoding=\"async\" src=\"https:\/\/www.carvajal.com\/120\/wp-content\/themes\/vstheme\/assets\/images\/icons\/arrow_45.svg\" class=\"absolute z-10 bottom-0 right-4 opacity-0 group-hover:opacity-100 transition-opacity duration-600\">\n                <div class=\"absolute bottom-0 left-0 w-full h-1\/2 bg-gradient-to-t from-black to-transparent\"><\/div>\n              <\/article>\n            <\/a>\n               \n            <a\n              href=\"https:\/\/www.carvajal.com\/noticias\/al-valle-del-cauca-llega-una-innovadora-alternativa-para-reciclar-plastico\/%20\" target=\"\"\n              class=\"splide__slide relative rounded-xl overflow-hidden group\"\n              alt=\"Al Valle del Cauca, llega una innovadora alternativa para reciclar pl\u00e1stico\"\n            > \n              <article>\n                <img decoding=\"async\" width=\"538\" height=\"498\" src=\"https:\/\/www.carvajal.com\/120\/wp-content\/uploads\/2024\/08\/noticia-9.png\" class=\"w-full h-auto object-cover\" alt=\"\" loading=\"lazy\" srcset=\"https:\/\/www.carvajal.com\/120\/wp-content\/uploads\/2024\/08\/noticia-9.png 538w, https:\/\/www.carvajal.com\/120\/wp-content\/uploads\/2024\/08\/noticia-9-300x278.png 300w\" sizes=\"auto, (max-width: 538px) 100vw, 538px\" \/>                <div class=\"absolute bottom-0 left-0 w-full px-8 mb-8 z-10 transition-transform transform group-hover:-translate-y-4 duration-300\">\n                  <div class=\"text-white border-l-2 border-secondary pl-2 secondary-font-semi-bold text-sm\">\n                    Al Valle del Cauca, llega una innovadora alternativa para reciclar pl\u00e1stico                  <\/div>            \n                <\/div>\n                <img decoding=\"async\" src=\"https:\/\/www.carvajal.com\/120\/wp-content\/themes\/vstheme\/assets\/images\/icons\/arrow_45.svg\" class=\"absolute z-10 bottom-0 right-4 opacity-0 group-hover:opacity-100 transition-opacity duration-600\">\n                <div class=\"absolute bottom-0 left-0 w-full h-1\/2 bg-gradient-to-t from-black to-transparent\"><\/div>\n              <\/article>\n            <\/a>\n               \n            <a\n              href=\"https:\/\/www.carvajal.com\/noticias\/en-el-bando-de-los-optimistas\/%20\" target=\"_blank\"\n              class=\"splide__slide relative rounded-xl overflow-hidden group\"\n              alt=\"En el bando de los optimistas.Se abrir\u00e1 el enlace en una pesta\u00f1a nueva\"\n            > \n              <article>\n                <img decoding=\"async\" width=\"538\" height=\"498\" src=\"https:\/\/www.carvajal.com\/120\/wp-content\/uploads\/2024\/08\/noticia-10.png\" class=\"w-full h-auto object-cover\" alt=\"\" loading=\"lazy\" srcset=\"https:\/\/www.carvajal.com\/120\/wp-content\/uploads\/2024\/08\/noticia-10.png 538w, https:\/\/www.carvajal.com\/120\/wp-content\/uploads\/2024\/08\/noticia-10-300x278.png 300w\" sizes=\"auto, (max-width: 538px) 100vw, 538px\" \/>                <div class=\"absolute bottom-0 left-0 w-full px-8 mb-8 z-10 transition-transform transform group-hover:-translate-y-4 duration-300\">\n                  <div class=\"text-white border-l-2 border-secondary pl-2 secondary-font-semi-bold text-sm\">\n                    En el bando de los optimistas                  <\/div>            \n                <\/div>\n                <img decoding=\"async\" src=\"https:\/\/www.carvajal.com\/120\/wp-content\/themes\/vstheme\/assets\/images\/icons\/arrow_45.svg\" class=\"absolute z-10 bottom-0 right-4 opacity-0 group-hover:opacity-100 transition-opacity duration-600\">\n                <div class=\"absolute bottom-0 left-0 w-full h-1\/2 bg-gradient-to-t from-black to-transparent\"><\/div>\n              <\/article>\n            <\/a>\n               \n            <a\n              href=\"https:\/\/www.carvajal.com\/noticias\/ginebra-sostenible-un-proyecto-de-transformacion-de-vidas\/%20\" target=\"_blank\"\n              class=\"splide__slide relative rounded-xl overflow-hidden group\"\n              alt=\"Ginebra Sostenible: un proyecto de transformaci\u00f3n de vidas&nbsp;.Se abrir\u00e1 el enlace en una pesta\u00f1a nueva\"\n            > \n              <article>\n                <img decoding=\"async\" width=\"538\" height=\"498\" src=\"https:\/\/www.carvajal.com\/120\/wp-content\/uploads\/2024\/08\/noticia-11.png\" class=\"w-full h-auto object-cover\" alt=\"\" loading=\"lazy\" srcset=\"https:\/\/www.carvajal.com\/120\/wp-content\/uploads\/2024\/08\/noticia-11.png 538w, https:\/\/www.carvajal.com\/120\/wp-content\/uploads\/2024\/08\/noticia-11-300x278.png 300w\" sizes=\"auto, (max-width: 538px) 100vw, 538px\" \/>                <div class=\"absolute bottom-0 left-0 w-full px-8 mb-8 z-10 transition-transform transform group-hover:-translate-y-4 duration-300\">\n                  <div class=\"text-white border-l-2 border-secondary pl-2 secondary-font-semi-bold text-sm\">\n                    Ginebra Sostenible: un proyecto de transformaci\u00f3n de vidas&nbsp;                  <\/div>            \n                <\/div>\n                <img decoding=\"async\" src=\"https:\/\/www.carvajal.com\/120\/wp-content\/themes\/vstheme\/assets\/images\/icons\/arrow_45.svg\" class=\"absolute z-10 bottom-0 right-4 opacity-0 group-hover:opacity-100 transition-opacity duration-600\">\n                <div class=\"absolute bottom-0 left-0 w-full h-1\/2 bg-gradient-to-t from-black to-transparent\"><\/div>\n              <\/article>\n            <\/a>\n               \n            <a\n              href=\"https:\/\/www.carvajal.com\/noticias\/el-librito-de-lecciones-aprendidas\/%20\" target=\"_blank\"\n              class=\"splide__slide relative rounded-xl overflow-hidden group\"\n              alt=\"Pedro Carvajal: el librito de lecciones aprendidas.Se abrir\u00e1 el enlace en una pesta\u00f1a nueva\"\n            > \n              <article>\n                <img decoding=\"async\" width=\"538\" height=\"498\" src=\"https:\/\/www.carvajal.com\/120\/wp-content\/uploads\/2024\/08\/noticia-12.png\" class=\"w-full h-auto object-cover\" alt=\"\" loading=\"lazy\" srcset=\"https:\/\/www.carvajal.com\/120\/wp-content\/uploads\/2024\/08\/noticia-12.png 538w, https:\/\/www.carvajal.com\/120\/wp-content\/uploads\/2024\/08\/noticia-12-300x278.png 300w\" sizes=\"auto, (max-width: 538px) 100vw, 538px\" \/>                <div class=\"absolute bottom-0 left-0 w-full px-8 mb-8 z-10 transition-transform transform group-hover:-translate-y-4 duration-300\">\n                  <div class=\"text-white border-l-2 border-secondary pl-2 secondary-font-semi-bold text-sm\">\n                    Pedro Carvajal: el librito de lecciones aprendidas                  <\/div>            \n                <\/div>\n                <img decoding=\"async\" src=\"https:\/\/www.carvajal.com\/120\/wp-content\/themes\/vstheme\/assets\/images\/icons\/arrow_45.svg\" class=\"absolute z-10 bottom-0 right-4 opacity-0 group-hover:opacity-100 transition-opacity duration-600\">\n                <div class=\"absolute bottom-0 left-0 w-full h-1\/2 bg-gradient-to-t from-black to-transparent\"><\/div>\n              <\/article>\n            <\/a>\n                  <\/div>\n      <\/div>\n    <\/div>\n  <div>\n    <\/div>\n  <\/section>\n<\/div>\n\n\n<div class=\" relative w-full\">\n\n      <video src=\"https:\/\/www.carvajal.com\/120\/wp-content\/uploads\/2024\/08\/Carvajal-sostenibilidad.webm\" playsinline autoplay muted loop class=\"absolute top-0 left-0 w-full h-full object-cover\"><\/video>\n    <div class=\"absolute top-0 left-0 w-full h-full bg-black opacity-50 grid-texture\"><\/div>\n  \n  <section\n    class=\"block_two_columns_image  relative \"\n    id=\"tmp\"\n    style=\"padding: 6.25rem 7.5rem;margin: 0\"\n  >\n    <div class=\"\">      <!-- title -->\n      <div class=\"flex flex-col\">\n             \n        <!-- title -->\n\n          \n      <\/div><div class=\"flex items-center movil:flex-col movil:gap-6\">\n  <div class=\" mt-6 movil:w-full\">    \n      <div class=\"title-container  title-theme half_width\">\n    <div class=\"flex items-start gap-3\">\n            <h2 class=\"secondary-font-semi-bold font-size-xxl text-white \" style=\"\"\">\u00a1La sostenibilidad, clave de nuestro futuro!<\/h2>    <\/div>\n      <\/div>\n    \n    <div class=\"paragraph-1 mt-4 \">\n      <div class=\"text-primary w-1\/2 movil:w-full \">\n        <div style=\"color: #ffffff;\">Un compromiso que no se rompe, al contrario, se hace cada d\u00eda m\u00e1s fuerte para impulsar el desarrollo econ\u00f3mico y social haciendo las cosas bien.<\/div>\n      <\/div>\n\n              <div class=\"mt-4 movil:text-center\">\n          <a\n            href=\"https:\/\/www.carvajal.com\/sostenibilidad\/informes-de-sostenibilidad\/\"\n            target=\"_blank\"\n            class=\"accent-button bg-arrow-45 bg-accent text-white\"\n          >\n            Ver informes de sostenibilidad          <\/a> \n        <\/div>   \n            \n    <\/div>\n  <\/div>\n  <\/div>\n    <\/div>\n  <\/section>\n<\/div>\n\n\n<div class=\"bg-primary  relative w-full\">\n\n  \n  <section\n    class=\"block_two_columns_image bg-secondary rounded-se-[3.5rem] movil:rounded-none  relative \"\n    id=\"\"\n    style=\"padding: 0.5rem 4.8rem 0 0;margin: 0\"\n  >\n    <div class=\"\">      <!-- title -->\n      <div class=\"flex flex-col\">\n             \n        <!-- title -->\n\n          \n      <\/div><div class=\"flex items-center movil:flex-col-reverse flex-row-reverse movil:gap-6\">\n  <div class=\"w-1\/2 mt-6 movil:w-full\">    \n      <div class=\"title-container  title-theme box_container_primary_right\">\n    <div class=\"flex items-start gap-3\">\n            <h2 class=\"secondary-font-bold font-size-xxl text-white \" style=\"\"\"><p class=\"only-movil\"><em>Juntos<\/em><\/p> por otros 100 a\u00f1os m\u00e1s&#8230;<\/h2>    <\/div>\n      <\/div>\n    \n    <div class=\"paragraph-1 mt-4 \">\n      <div class=\"text-primary movil:px-8 movil:pt-8 \">\n        <p>Nos inspira la voluntad de transformar vidas junto a todos nuestros grupos de inter\u00e9s, llevando la esperanza de un Carvajal que se inventa y se reinventa para seguir creando legado inventa y se reinventa para seguir creando legado<\/p>\n      <\/div>\n\n            \n    <\/div>\n  <\/div>\n      <div class=\"w-1\/2 movil:w-full flex justify-end movil:justify-center\">\n      <img decoding=\"async\" width=\"700\" height=\"547\" src=\"https:\/\/www.carvajal.com\/120\/wp-content\/uploads\/2024\/08\/120_anos_carvajal.png\" class=\"object-cover\" alt=\"\" loading=\"lazy\" srcset=\"https:\/\/www.carvajal.com\/120\/wp-content\/uploads\/2024\/08\/120_anos_carvajal.png 700w, https:\/\/www.carvajal.com\/120\/wp-content\/uploads\/2024\/08\/120_anos_carvajal-300x234.png 300w\" sizes=\"auto, (max-width: 700px) 100vw, 700px\" \/>    <\/div>\n  <\/div>\n    <\/div>\n  <\/section>\n<\/div>\n\n\n<p><\/p>\n","protected":false},"excerpt":{"rendered":"","protected":false},"author":1,"featured_media":0,"parent":0,"menu_order":0,"comment_status":"closed","ping_status":"closed","template":"","meta":{"footnotes":""},"class_list":["post-21","page","type-page","status-publish","hentry"],"acf":[],"_links":{"self":[{"href":"https:\/\/www.carvajal.com\/120\/wp-json\/wp\/v2\/pages\/21","targetHints":{"allow":["GET"]}}],"collection":[{"href":"https:\/\/www.carvajal.com\/120\/wp-json\/wp\/v2\/pages"}],"about":[{"href":"https:\/\/www.carvajal.com\/120\/wp-json\/wp\/v2\/types\/page"}],"author":[{"embeddable":true,"href":"https:\/\/www.carvajal.com\/120\/wp-json\/wp\/v2\/users\/1"}],"replies":[{"embeddable":true,"href":"https:\/\/www.carvajal.com\/120\/wp-json\/wp\/v2\/comments?post=21"}],"version-history":[{"count":225,"href":"https:\/\/www.carvajal.com\/120\/wp-json\/wp\/v2\/pages\/21\/revisions"}],"predecessor-version":[{"id":1120,"href":"https:\/\/www.carvajal.com\/120\/wp-json\/wp\/v2\/pages\/21\/revisions\/1120"}],"wp:attachment":[{"href":"https:\/\/www.carvajal.com\/120\/wp-json\/wp\/v2\/media?parent=21"}],"curies":[{"name":"wp","href":"https:\/\/api.w.org\/{rel}","templated":true}]}}