{"id":12,"date":"2024-07-28T18:49:37","date_gmt":"2024-07-28T23:49:37","guid":{"rendered":"http:\/\/localhost\/?page_id=12"},"modified":"2025-09-11T18:18:29","modified_gmt":"2025-09-11T23:18:29","slug":"la-gratitud-nos-mueve","status":"publish","type":"page","link":"https:\/\/www.carvajal.com\/120\/la-gratitud-nos-mueve\/","title":{"rendered":"La gratitud nos Mueve"},"content":{"rendered":"\n<div class=\" relative w-full\">\n\n  \n  <section\n    class=\"block_header_comments  relative \"\n    id=\"\"\n    style=\"padding: 0;margin: 0\"\n  >\n    <div class=\"\">      <!-- title -->\n      <div class=\"flex flex-col\">\n             \n        <!-- title -->\n\n          \n      <\/div>\n<div class=\"relative\">\n            <img decoding=\"async\" width=\"1920\" height=\"529\" src=\"https:\/\/www.carvajal.com\/120\/wp-content\/uploads\/2024\/08\/banner-la-gratitud-nos-mueve-carvajal.jpg\" class=\"rounded-b-[5rem] abosolute top-0 w-full h-auto object-cover\" alt=\"\" loading=\"lazy\" srcset=\"https:\/\/www.carvajal.com\/120\/wp-content\/uploads\/2024\/08\/banner-la-gratitud-nos-mueve-carvajal.jpg 1920w, https:\/\/www.carvajal.com\/120\/wp-content\/uploads\/2024\/08\/banner-la-gratitud-nos-mueve-carvajal-300x83.jpg 300w, https:\/\/www.carvajal.com\/120\/wp-content\/uploads\/2024\/08\/banner-la-gratitud-nos-mueve-carvajal-1024x282.jpg 1024w, https:\/\/www.carvajal.com\/120\/wp-content\/uploads\/2024\/08\/banner-la-gratitud-nos-mueve-carvajal-768x212.jpg 768w, https:\/\/www.carvajal.com\/120\/wp-content\/uploads\/2024\/08\/banner-la-gratitud-nos-mueve-carvajal-1536x423.jpg 1536w\" sizes=\"auto, (max-width: 1920px) 100vw, 1920px\" \/>      \n  <div class=\"absolute top-1\/3 w-full flex flex-col items-center gap-4 movil:px-8\">\n      <div class=\"title-container  title-theme center\">\n    <div class=\"flex items-start gap-3\">\n            <h2 class=\"secondary-font-semi-bold font-size-xl text-white \" style=\"\"\">D\u00e9janos saber qu\u00e9 te llena de gratitud<\/h2>    <\/div>\n      <\/div>\n    \n    <button\n      id=\"comments-button\"\n      class=\"border border-white rounded py-4 px-4 text-left text-white bg-overlay hover:bg-white hover:text-black w-[50%] movil:w-full bg-arrow-right hover:bg-arrow-right-black bg-no-repeat bg-[center_right_1rem] transition duration-300\"\n      data-target=\"myModal\"\n    >\n      Cu\u00e9ntanos aqu\u00ed por qu\u00e9 est\u00e1s agradecido&#8230;    <\/button>\n  <\/div>  \n<\/div>\n\n<div id=\"myModal\" class=\"global-modal duration-500 fixed -bottom-full left-0 w-full h-full bg-overlay z-20 flex justify-center items-center movil:items-end tablet:items-end\">\n  <div class=\"absolute m-auto w-[70%] movil:w-[100%] tablet:w-[100%]\">\n    <div class=\"flex justify-end mb-2\">\n      <button class=\"close-global-modal\">\n        <img decoding=\"async\" src=\"https:\/\/www.carvajal.com\/120\/wp-content\/themes\/vstheme\/assets\/images\/icons\/close.svg\" alt=\"Cerrar pesta\u00f1a informativa\" class=\"w-38 h-38\">\n      <\/button>\n    <\/div>\n    <div class=\"bg-white m-auto inner_modal w-full rounded-[15px] movil:rounded-t-[15px] movil:rounded-b-[0] tablet:rounded-t-[15px] tablet:rounded-b-[0] overflow-hidden\">\n      <div class=\"flex flex-col gap-y-16 pb-30 overflow-y-auto px-4\">\n        <!-- Body -->\n        <div class=\"global-modal-content desc_lightbox font-jakarta-500 text-txt14 text-txt_blue_light p-8 movil:px-0\">\n          <div class=\"text-center mb-4\">\n            <h4 class=\"secondary-font-semi-bold font-size-md text-primary\">Cu\u00e9ntanos aqu\u00ed por qu\u00e9 est\u00e1s agradecido&#8230;<\/h4>\n            <p class=\"secondary-font-regular font-size-xs text-primary\">Campos marcados con * son obligatorios<\/p>              \n          <\/div>\n\n          <div class=\"text-center py-16 hidden\" id=\"loading\">\n            <p class=\"secondary-font-regular font-size-lg text-text1\">Enviando&#8230;<\/p>\n          <\/div>\n\n          <form id=\"comentarios-form\" method=\"post\" enctype=\"multipart\/form-data\">\n            <input type=\"hidden\" name=\"action\" value=\"submit_comentario\">\n\n            <fieldset class=\"relative border rounded border-line overflow-hiden p-1 mb-4\">\n              <label for=\"name\" class=\"absolute bg-white px-2 ml-2 -top-2 secondary-font-regular font-size-xxs text-gray300\">Nombre completo*<\/label>\n              <input type=\"text\" name=\"name\" id=\"form_name\" class=\"w-full h-10 px-4\" required \/>\n            <\/fieldset>\n            <fieldset class=\"relative border rounded border-line overflow-hiden p-1 mb-4\">\n              <label for=\"email\" class=\"absolute bg-white px-2 ml-2 -top-2 secondary-font-regular font-size-xxs text-gray300\">Email*<\/label>\n              <input type=\"text\" name=\"email\" id=\"form_email\" class=\"w-full h-10 px-4\" required \/>\n            <\/fieldset>\n            <fieldset class=\"relative border rounded border-line overflow-hiden p-1 mb-4\">\n              <label for=\"comments\" class=\"absolute bg-white px-2 ml-2 -top-2 secondary-font-regular font-size-xxs text-gray300\">Mensaje*<\/label>\n              <textarea name=\"comments\" id=\"form_comments\" class=\"w-full h-20 px-4 pt-2\" required><\/textarea>\n            <\/fieldset>\n            <fieldset class=\"relative border rounded border-line overflow-hiden p-1 mb-4\">\n              <label for=\"video\" class=\"absolute bg-white px-2 ml-2 -top-2 secondary-font-regular font-size-xxs text-gray300\">Video de youtube (Opcional)<\/label>\n              <input type=\"text\" name=\"video\" id=\"form_video\" class=\"w-full h-10 px-4\" required \/>\n            <\/fieldset>\n            <fieldset class=\"bg-gray800 py-4 px-8 movil:px-4 border border-line rounded mb-4\">\n              <label for=\"image\" class=\"secondary-font-semi-bold block font-size-md mb-2\">Una imagen vale m\u00e1s que mil palabras: comparte tu recuerdo. <span class=\"secondary-font-light font-size-xxs\">(Adjuntar foto)<\/span><\/label>\n              <input type=\"file\" id=\"image\" name=\"image\" accept=\"image\/*\" \/>\n            <\/fieldset>\n\n            <fieldset class=\"flex flex-row gap-1 items-start\">\n              <input type=\"checkbox\" name=\"terms\" id=\"chk_terms\" \/>\n              <label for=\"terms\" class=\"secondary-font-light font-size-xxs text-text1\"><p>Al enviar este formulario, usted acepta que Carvajal S.A. trate sus datos personales conforme a \u2028nuestra pol\u00edtica de privacidad<\/p>\n<\/label>\n            <\/fieldset>                              \n      \n            <input\n              type=\"submit\"\n              id=\"submit-button\"\n              class=\"accent-button bg-arrow-45 bg-accent text-white mt-3 disabled\"\n              name=\"Enviar\"\n              value=\"Enviar\"\n              disabled\n            \/>\n          <\/form>         \n        <\/div>\n      <\/div>\n    <\/div>\n  <\/div>\n<\/div>\n\n    <\/div>\n  <\/section>\n<\/div>\n\n\n\n<div class=\" relative w-full\">\n\n  \n  <section\n    class=\"block_comment_list bg-gray700  relative \"\n    id=\"\"\n    style=\"padding: 6rem;margin: 0\"\n  >\n    <div class=\"\">      <!-- title -->\n      <div class=\"flex flex-col\">\n             \n        <!-- title -->\n\n          \n      <\/div><div id=\"comentarios-list\" class=\"flex movil:pl-2 movil:pr-4 movil:pt-8\">\n            <div class=\"w-1\/2 border-r-2 border-gray400 flex flex-col items-end\">\n                          <div class=\"pr-8 bg-h-line bg-left-card bg-no-repeat\">\n  <article class=\"card bg-white rounded-ss-2xl p-4 mb-10 max-w-comment-card shadow-lg min-w-[400px]\">\n    <h2 class=\"secondary-font-extra-bold mb-4\">Migdalia Pulido Valencia<\/h2>\n\n    <div class=\"comentario-content\">\n        <p>La Organizaci\u00f3n Carvajal mi Segundo Hogar, 38 A\u00f1os de labor d\u00f3nde gracias a Carvajal mi hija y yo somos profesionales, conoc\u00ed personas maravillosas, que aportaron a mi vida laboral. Infinitas Gracias a la Familia Carvajal por tan Bendecida Empresa Felices 120 A\u00f1os y que sean much\u00edsimos m\u00e1s \ud83d\ude4f\ud83d\udc99\ud83d\udc4f<\/p>\n            <\/div>\n    <img loading=\"lazy\" decoding=\"async\" width=\"1017\" height=\"1024\" src=\"https:\/\/www.carvajal.com\/120\/wp-content\/uploads\/2024\/10\/1000382677-1017x1024.jpg\" class=\"mt-4 rounded-2xl wp-post-image\" alt=\"\" srcset=\"https:\/\/www.carvajal.com\/120\/wp-content\/uploads\/2024\/10\/1000382677-1017x1024.jpg 1017w, https:\/\/www.carvajal.com\/120\/wp-content\/uploads\/2024\/10\/1000382677-298x300.jpg 298w, https:\/\/www.carvajal.com\/120\/wp-content\/uploads\/2024\/10\/1000382677-150x150.jpg 150w, https:\/\/www.carvajal.com\/120\/wp-content\/uploads\/2024\/10\/1000382677-768x773.jpg 768w, https:\/\/www.carvajal.com\/120\/wp-content\/uploads\/2024\/10\/1000382677.jpg 1080w\" sizes=\"auto, (max-width: 1017px) 100vw, 1017px\" \/>    \n  <\/article>\n<\/div>                            <div class=\"pr-8 bg-h-line bg-left-card bg-no-repeat\">\n  <article class=\"card bg-white rounded-ss-2xl p-4 mb-10 max-w-comment-card shadow-lg min-w-[400px]\">\n    <h2 class=\"secondary-font-extra-bold mb-4\">Ana Milena Mu\u00f1oz, Vp de Sostenibilidad y Econom\u00eda Circular.<\/h2>\n\n    <div class=\"comentario-content\">\n        <p>\u00a1Gracias Carvajal! Sigamos transformando vidas juntos<br \/><\/p>\n                  <div class=\"video rounded-md overflow-hidden\" data-video=\"D5FKfZWrMrk\"><\/div>\n            <\/div>\n        \n  <\/article>\n<\/div>                            <div class=\"pr-8 bg-h-line bg-left-card bg-no-repeat\">\n  <article class=\"card bg-white rounded-ss-2xl p-4 mb-10 max-w-comment-card shadow-lg min-w-[400px]\">\n    <h2 class=\"secondary-font-extra-bold mb-4\">Cata Giraldo, VP Jur\u00eddica Inmobiliaria<\/h2>\n\n    <div class=\"comentario-content\">\n        <p>Orgullosa de ser parte de esta historia<br \/><\/p>\n                  <div class=\"video rounded-md overflow-hidden\" data-video=\"TGD3Cnqnlhc\"><\/div>\n            <\/div>\n        \n  <\/article>\n<\/div>                            <div class=\"pr-8 bg-h-line bg-left-card bg-no-repeat\">\n  <article class=\"card bg-white rounded-ss-2xl p-4 mb-10 max-w-comment-card shadow-lg min-w-[400px]\">\n    <h2 class=\"secondary-font-extra-bold mb-4\">Diana Garcia, VP Financiera y de Servicios<\/h2>\n\n    <div class=\"comentario-content\">\n        <p>Honrando el legado y construyendo futuro<br \/><\/p>\n                  <div class=\"video rounded-md overflow-hidden\" data-video=\"1smGomnfpuI\"><\/div>\n            <\/div>\n        \n  <\/article>\n<\/div>                            <div class=\"pr-8 bg-h-line bg-left-card bg-no-repeat\">\n  <article class=\"card bg-white rounded-ss-2xl p-4 mb-10 max-w-comment-card shadow-lg min-w-[400px]\">\n    <h2 class=\"secondary-font-extra-bold mb-4\">Ernesto Camacho, Auxiliar Fotocopiado<\/h2>\n\n    <div class=\"comentario-content\">\n        <p>120 A\u00f1os de memorias y agradecimiento<br \/><\/p>\n                  <div class=\"video rounded-md overflow-hidden\" data-video=\"PlNRv-TXuqo\"><\/div>\n            <\/div>\n        \n  <\/article>\n<\/div>                            <div class=\"pr-8 bg-h-line bg-left-card bg-no-repeat\">\n  <article class=\"card bg-white rounded-ss-2xl p-4 mb-10 max-w-comment-card shadow-lg min-w-[400px]\">\n    <h2 class=\"secondary-font-extra-bold mb-4\">Julian Prado VP Transformaci\u00f3n Carvajal<\/h2>\n\n    <div class=\"comentario-content\">\n        <p>Celebrando juntos 120 a\u00f1os de evoluci\u00f3n<br \/><\/p>\n                  <div class=\"video rounded-md overflow-hidden\" data-video=\"aoDxw0rBqFY\"><\/div>\n            <\/div>\n        \n  <\/article>\n<\/div>                            <div class=\"pr-8 bg-h-line bg-left-card bg-no-repeat\">\n  <article class=\"card bg-white rounded-ss-2xl p-4 mb-10 max-w-comment-card shadow-lg min-w-[400px]\">\n    <h2 class=\"secondary-font-extra-bold mb-4\">Luis Legarda, Director de experiencias y transformaci\u00f3n.<\/h2>\n\n    <div class=\"comentario-content\">\n        <p>17 A\u00f1os de experiencias Inolvidables<br \/><\/p>\n                  <div class=\"video rounded-md overflow-hidden\" data-video=\"RJTFJWKU83U\"><\/div>\n            <\/div>\n        \n  <\/article>\n<\/div>                            <div class=\"pr-8 bg-h-line bg-left-card bg-no-repeat\">\n  <article class=\"card bg-white rounded-ss-2xl p-4 mb-10 max-w-comment-card shadow-lg min-w-[400px]\">\n    <h2 class=\"secondary-font-extra-bold mb-4\">Luisa Luna Gerente en M\u00e9xico<\/h2>\n\n    <div class=\"comentario-content\">\n        <p>Dejando huella con el coraz\u00f3n y enfoque humano<br \/><\/p>\n                  <div class=\"video rounded-md overflow-hidden\" data-video=\"Ca3kRox7gW8\"><\/div>\n            <\/div>\n        \n  <\/article>\n<\/div>                            <div class=\"pr-8 bg-h-line bg-left-card bg-no-repeat\">\n  <article class=\"card bg-white rounded-ss-2xl p-4 mb-10 max-w-comment-card shadow-lg min-w-[400px]\">\n    <h2 class=\"secondary-font-extra-bold mb-4\">Mar\u00eda del Rosario Carvajal &#8211; 4\u00aa generaci\u00f3n familiar<\/h2>\n\n    <div class=\"comentario-content\">\n        <p>Con esperanza y orgullo hacia el futuro<br \/><\/p>\n                  <div class=\"video rounded-md overflow-hidden\" data-video=\"RH5mGdkAkzQ\"><\/div>\n            <\/div>\n        \n  <\/article>\n<\/div>                            <div class=\"pr-8 bg-h-line bg-left-card bg-no-repeat\">\n  <article class=\"card bg-white rounded-ss-2xl p-4 mb-10 max-w-comment-card shadow-lg min-w-[400px]\">\n    <h2 class=\"secondary-font-extra-bold mb-4\">Maria Sol Navia, Ex presidenta Publicar<\/h2>\n\n    <div class=\"comentario-content\">\n        <p>\u00a1Profundo amor y cari\u00f1o por Carvajal!<br \/><\/p>\n                  <div class=\"video rounded-md overflow-hidden\" data-video=\"S0j8iTFcxLs\"><\/div>\n            <\/div>\n        \n  <\/article>\n<\/div>                            <div class=\"pr-8 bg-h-line bg-left-card bg-no-repeat\">\n  <article class=\"card bg-white rounded-ss-2xl p-4 mb-10 max-w-comment-card shadow-lg min-w-[400px]\">\n    <h2 class=\"secondary-font-extra-bold mb-4\">Natalia Valencia, Contadora Jr Carvajal Servicios Compartidos<\/h2>\n\n    <div class=\"comentario-content\">\n        <p>Celebrando esta gran historia<br \/><\/p>\n                  <div class=\"video rounded-md overflow-hidden\" data-video=\"s3WzLQu_XbQ\"><\/div>\n            <\/div>\n        \n  <\/article>\n<\/div>                            <div class=\"pr-8 bg-h-line bg-left-card bg-no-repeat\">\n  <article class=\"card bg-white rounded-ss-2xl p-4 mb-10 max-w-comment-card shadow-lg min-w-[400px]\">\n    <h2 class=\"secondary-font-extra-bold mb-4\">Olga Rizo, T\u00e9cnica Especializada Soporte en Sitio<\/h2>\n\n    <div class=\"comentario-content\">\n        <p>Gratitud por todo<br \/><\/p>\n                  <div class=\"video rounded-md overflow-hidden\" data-video=\"31-y_fveyGY\"><\/div>\n            <\/div>\n        \n  <\/article>\n<\/div>                            <div class=\"pr-8 bg-h-line bg-left-card bg-no-repeat\">\n  <article class=\"card bg-white rounded-ss-2xl p-4 mb-10 max-w-comment-card shadow-lg min-w-[400px]\">\n    <h2 class=\"secondary-font-extra-bold mb-4\">Rodrigo Escobar, Analista de Mejora Continua<\/h2>\n\n    <div class=\"comentario-content\">\n        <p>Oportunidades para todas y todos \u00a1Gracias Carvajal!<br \/><\/p>\n                  <div class=\"video rounded-md overflow-hidden\" data-video=\"_e_ikukmxvM\"><\/div>\n            <\/div>\n        \n  <\/article>\n<\/div>                            <div class=\"pr-8 bg-h-line bg-left-card bg-no-repeat\">\n  <article class=\"card bg-white rounded-ss-2xl p-4 mb-10 max-w-comment-card shadow-lg min-w-[400px]\">\n    <h2 class=\"secondary-font-extra-bold mb-4\">Ximena Arbel\u00e1ez, Directora Corporativa Experiencia de Personas<\/h2>\n\n    <div class=\"comentario-content\">\n        <p>Valores, Transformaci\u00f3n e Innovaci\u00f3n<br \/><\/p>\n                  <div class=\"video rounded-md overflow-hidden\" data-video=\"jOIwU21kBxs\"><\/div>\n            <\/div>\n        \n  <\/article>\n<\/div>              <\/div>\n      <div class=\"w-1\/2 border-l-2 border-gray400\">\n                                    <div class=\"pl-8 bg-h-line-r bg-right-card bg-no-repeat\">\n  <article class=\"card bg-white rounded-ss-2xl p-4 mb-10 max-w-comment-card shadow-lg min-w-[400px]\">\n    <h2 class=\"secondary-font-extra-bold mb-4\">Adriana Ligarretto, Gerente de Producto en Carvajal Tecnolog\u00eda y Servicio<\/h2>\n\n    <div class=\"comentario-content\">\n        <p><b>\u00a0<\/b><span style=\"font-weight: 400;\">\u00a1Orgullosa de Carvajal! Gracias por 120 A\u00f1os de \u00c9xito<\/span><\/p>\n                  <div class=\"video rounded-md overflow-hidden\" data-video=\"mfVWgiEqDCo\"><\/div>\n            <\/div>\n        \n  <\/article>\n<\/div>                            <div class=\"pl-8 bg-h-line-r bg-right-card bg-no-repeat\">\n  <article class=\"card bg-white rounded-ss-2xl p-4 mb-10 max-w-comment-card shadow-lg min-w-[400px]\">\n    <h2 class=\"secondary-font-extra-bold mb-4\">Armando Collazos, Vp de Carvajal Educaci\u00f3n<\/h2>\n\n    <div class=\"comentario-content\">\n        <p>Un legado familiar de orgullo<br \/><\/p>\n                  <div class=\"video rounded-md overflow-hidden\" data-video=\"eDhyHa9IXDY\"><\/div>\n            <\/div>\n        \n  <\/article>\n<\/div>                            <div class=\"pl-8 bg-h-line-r bg-right-card bg-no-repeat\">\n  <article class=\"card bg-white rounded-ss-2xl p-4 mb-10 max-w-comment-card shadow-lg min-w-[400px]\">\n    <h2 class=\"secondary-font-extra-bold mb-4\">David Delgado, Especialista de Cuidado de Personas y Cuidado Integral.<\/h2>\n\n    <div class=\"comentario-content\">\n        <p>120 a\u00f1os de orgullo y felicidad.<br \/><\/p>\n                  <div class=\"video rounded-md overflow-hidden\" data-video=\"GsL9JM3mhAs\"><\/div>\n            <\/div>\n        \n  <\/article>\n<\/div>                            <div class=\"pl-8 bg-h-line-r bg-right-card bg-no-repeat\">\n  <article class=\"card bg-white rounded-ss-2xl p-4 mb-10 max-w-comment-card shadow-lg min-w-[400px]\">\n    <h2 class=\"secondary-font-extra-bold mb-4\">Eduardo Aterthua, Socio de Sostenibilidad y Cambio Clim\u00e1tico.<\/h2>\n\n    <div class=\"comentario-content\">\n        <p>120 A\u00f1os Impulsando la Sostenibilidad<br \/><\/p>\n                  <div class=\"video rounded-md overflow-hidden\" data-video=\"_u4ugpvZHsk\"><\/div>\n            <\/div>\n        \n  <\/article>\n<\/div>                            <div class=\"pl-8 bg-h-line-r bg-right-card bg-no-repeat\">\n  <article class=\"card bg-white rounded-ss-2xl p-4 mb-10 max-w-comment-card shadow-lg min-w-[400px]\">\n    <h2 class=\"secondary-font-extra-bold mb-4\">German Castellanos, Gerente de Talento y Personas Industria<\/h2>\n\n    <div class=\"comentario-content\">\n        <p>\u00a1Gracias Carvajal! Pasi\u00f3n, Innovaci\u00f3n y Futuro.<br \/><\/p>\n                  <div class=\"video rounded-md overflow-hidden\" data-video=\"GHYB6K74N1s\"><\/div>\n            <\/div>\n        \n  <\/article>\n<\/div>                            <div class=\"pl-8 bg-h-line-r bg-right-card bg-no-repeat\">\n  <article class=\"card bg-white rounded-ss-2xl p-4 mb-10 max-w-comment-card shadow-lg min-w-[400px]\">\n    <h2 class=\"secondary-font-extra-bold mb-4\">Lina Sanchez, Gerente de Cuadernos de Valor Agregado<\/h2>\n\n    <div class=\"comentario-content\">\n        <p>Orgullosa de Contribuir a Nuestra Historia<br \/><\/p>\n                  <div class=\"video rounded-md overflow-hidden\" data-video=\"Nm2VksxvApc\"><\/div>\n            <\/div>\n        \n  <\/article>\n<\/div>                            <div class=\"pl-8 bg-h-line-r bg-right-card bg-no-repeat\">\n  <article class=\"card bg-white rounded-ss-2xl p-4 mb-10 max-w-comment-card shadow-lg min-w-[400px]\">\n    <h2 class=\"secondary-font-extra-bold mb-4\">Luis Valencia, T\u00e9cnico en Producci\u00f3n de Cart\u00f3n<\/h2>\n\n    <div class=\"comentario-content\">\n        <p>\u00a1Gracias Carvajal por mi crecimiento personal y profesional!<br \/><\/p>\n                  <div class=\"video rounded-md overflow-hidden\" data-video=\"RePVC4Pbbkg\"><\/div>\n            <\/div>\n        \n  <\/article>\n<\/div>                            <div class=\"pl-8 bg-h-line-r bg-right-card bg-no-repeat\">\n  <article class=\"card bg-white rounded-ss-2xl p-4 mb-10 max-w-comment-card shadow-lg min-w-[400px]\">\n    <h2 class=\"secondary-font-extra-bold mb-4\">Carmen Salcedo<\/h2>\n\n    <div class=\"comentario-content\">\n        <p>120 a\u00f1os de bendiciones y logros<br \/><\/p>\n                  <div class=\"video rounded-md overflow-hidden\" data-video=\"zpOac-Of5V8\"><\/div>\n            <\/div>\n        \n  <\/article>\n<\/div>                            <div class=\"pl-8 bg-h-line-r bg-right-card bg-no-repeat\">\n  <article class=\"card bg-white rounded-ss-2xl p-4 mb-10 max-w-comment-card shadow-lg min-w-[400px]\">\n    <h2 class=\"secondary-font-extra-bold mb-4\">Mar\u00eda Isabel G\u00f3mez, Gerente transformaci\u00f3n experiencia del cliente.<\/h2>\n\n    <div class=\"comentario-content\">\n        <p>\u00a1Gracias Carvajal! Agradecida por mi crecimiento personal<br \/><\/p>\n                  <div class=\"video rounded-md overflow-hidden\" data-video=\"ajQzKgQrdss\"><\/div>\n            <\/div>\n        \n  <\/article>\n<\/div>                            <div class=\"pl-8 bg-h-line-r bg-right-card bg-no-repeat\">\n  <article class=\"card bg-white rounded-ss-2xl p-4 mb-10 max-w-comment-card shadow-lg min-w-[400px]\">\n    <h2 class=\"secondary-font-extra-bold mb-4\">Monica Correa, Directora personal, Carvajal Pulpa y Papel<\/h2>\n\n    <div class=\"comentario-content\">\n        <p>\u00a1Carvajal, transforma vidas!<br \/><\/p>\n                  <div class=\"video rounded-md overflow-hidden\" data-video=\"OxkQ5o7aq2U\"><\/div>\n            <\/div>\n        \n  <\/article>\n<\/div>                            <div class=\"pl-8 bg-h-line-r bg-right-card bg-no-repeat\">\n  <article class=\"card bg-white rounded-ss-2xl p-4 mb-10 max-w-comment-card shadow-lg min-w-[400px]\">\n    <h2 class=\"secondary-font-extra-bold mb-4\">Nidia \u00c1lvarez, Pensionada Carvajal Propiedades<\/h2>\n\n    <div class=\"comentario-content\">\n        <p>120 a\u00f1os de sabidur\u00eda y amor<br \/><\/p>\n                  <div class=\"video rounded-md overflow-hidden\" data-video=\"cwuB7pmRc0w\"><\/div>\n            <\/div>\n        \n  <\/article>\n<\/div>                            <div class=\"pl-8 bg-h-line-r bg-right-card bg-no-repeat\">\n  <article class=\"card bg-white rounded-ss-2xl p-4 mb-10 max-w-comment-card shadow-lg min-w-[400px]\">\n    <h2 class=\"secondary-font-extra-bold mb-4\">Ricardo Matamala<\/h2>\n\n    <div class=\"comentario-content\">\n        <p>120 a\u00f1os de inspiraci\u00f3n<br \/><\/p>\n                  <div class=\"video rounded-md overflow-hidden\" data-video=\"krteg6M62_U\"><\/div>\n            <\/div>\n        \n  <\/article>\n<\/div>                            <div class=\"pl-8 bg-h-line-r bg-right-card bg-no-repeat\">\n  <article class=\"card bg-white rounded-ss-2xl p-4 mb-10 max-w-comment-card shadow-lg min-w-[400px]\">\n    <h2 class=\"secondary-font-extra-bold mb-4\">Rosa Elvia Serna, Asistente administrativa.<\/h2>\n\n    <div class=\"comentario-content\">\n        <p>Bendiciones siempre para Carvajal<br \/><\/p>\n                  <div class=\"video rounded-md overflow-hidden\" data-video=\"H1uNwI1yGU8\"><\/div>\n            <\/div>\n        \n  <\/article>\n<\/div>                        <\/div>     \n       \n      \n  <\/div>\n    <\/div>\n  <\/section>\n<\/div>","protected":false},"excerpt":{"rendered":"","protected":false},"author":1,"featured_media":0,"parent":0,"menu_order":0,"comment_status":"closed","ping_status":"closed","template":"","meta":{"footnotes":""},"class_list":["post-12","page","type-page","status-publish","hentry"],"acf":[],"_links":{"self":[{"href":"https:\/\/www.carvajal.com\/120\/wp-json\/wp\/v2\/pages\/12","targetHints":{"allow":["GET"]}}],"collection":[{"href":"https:\/\/www.carvajal.com\/120\/wp-json\/wp\/v2\/pages"}],"about":[{"href":"https:\/\/www.carvajal.com\/120\/wp-json\/wp\/v2\/types\/page"}],"author":[{"embeddable":true,"href":"https:\/\/www.carvajal.com\/120\/wp-json\/wp\/v2\/users\/1"}],"replies":[{"embeddable":true,"href":"https:\/\/www.carvajal.com\/120\/wp-json\/wp\/v2\/comments?post=12"}],"version-history":[{"count":33,"href":"https:\/\/www.carvajal.com\/120\/wp-json\/wp\/v2\/pages\/12\/revisions"}],"predecessor-version":[{"id":1100,"href":"https:\/\/www.carvajal.com\/120\/wp-json\/wp\/v2\/pages\/12\/revisions\/1100"}],"wp:attachment":[{"href":"https:\/\/www.carvajal.com\/120\/wp-json\/wp\/v2\/media?parent=12"}],"curies":[{"name":"wp","href":"https:\/\/api.w.org\/{rel}","templated":true}]}}